{"id":2570,"date":"2024-12-29T13:21:37","date_gmt":"2024-12-29T12:21:37","guid":{"rendered":"https:\/\/www.tctproduktion.se\/?page_id=2570"},"modified":"2026-08-24T23:40:09","modified_gmt":"2026-08-24T21:40:09","slug":"vinyl-klistermarken","status":"publish","type":"page","link":"https:\/\/www.tctproduktion.se\/?page_id=2570","title":{"rendered":"Vinyl &amp; Klisterm\u00e4rken"},"content":{"rendered":"\n<hr class=\"wp-block-separator aligncenter has-alpha-channel-opacity has-very-light-gray-to-cyan-bluish-gray-gradient-background has-background is-style-wide\"\/>\n\n\n\n<div class=\"wp-block-media-text is-vertically-aligned-top\" style=\"grid-template-columns:32% auto\"><figure class=\"wp-block-media-text__media\"><img loading=\"lazy\" decoding=\"async\" width=\"768\" height=\"1024\" src=\"https:\/\/www.tctproduktion.se\/wp-content\/uploads\/2026\/02\/pappersetikett-768x1024.jpg\" alt=\"\" class=\"wp-image-4044 size-full\" srcset=\"https:\/\/www.tctproduktion.se\/wp-content\/uploads\/2026\/02\/pappersetikett-768x1024.jpg 768w, https:\/\/www.tctproduktion.se\/wp-content\/uploads\/2026\/02\/pappersetikett-225x300.jpg 225w, https:\/\/www.tctproduktion.se\/wp-content\/uploads\/2026\/02\/pappersetikett-1152x1536.jpg 1152w, https:\/\/www.tctproduktion.se\/wp-content\/uploads\/2026\/02\/pappersetikett-1536x2048.jpg 1536w, https:\/\/www.tctproduktion.se\/wp-content\/uploads\/2026\/02\/pappersetikett-scaled.jpg 1920w\" sizes=\"auto, (max-width: 768px) 100vw, 768px\" \/><\/figure><div class=\"wp-block-media-text__content\">\n<p class=\"has-light-gray-background-color has-background has-extra-small-font-size\"><strong>BIO-PLAST KLISTERM\u00c4RKEN \/ FOLIER \/ VINYL &#8211; PVC-fri och tillverkad av f\u00f6rnybara r\u00e5varor<\/strong><br><br>T\u00e4nk dig en v\u00e4rld utan beroende av Fossil olja. Med biobaserade produkter tar man steget mot framtiden. Dessa produkter kan ers\u00e4tta flera tidigare PVC-produkter. Minskar klimatavtrycket med ca 57% gentemot tidigare produkt i PVC.<br><br>Produkten ers\u00e4tter: Klisterm\u00e4rken, V\u00e4ggtexter, etiketter, m\u00e4rkning och foliering p\u00e5 skyltar, f\u00f6nstervinyl, eller andra st\u00e4llen d\u00e4r man haft folier. <br><br>Funkar inte som wraping folie \u00e4n. <br><br>&#8211; Inomhus- eller utomhusbruk<br>&#8211; Finns som l\u00e4tth\u00e4ftande eller permanenta<br>&#8211; Finns \u00e4ven som matt eller blankt.<br>&#8211; Kan lamineras. <br><\/p>\n\n\n\n<p class=\"has-text-align-left has-light-gray-background-color has-background has-extra-small-font-size\"><img loading=\"lazy\" decoding=\"async\" width=\"60\" height=\"65\" class=\"wp-image-2629\" style=\"width: 60px;\" src=\"https:\/\/www.tctproduktion.se\/wp-content\/uploads\/2024\/12\/Printed_In_Sweden-1.png\" alt=\"\"> <img loading=\"lazy\" decoding=\"async\" width=\"60\" height=\"65\" class=\"wp-image-4058\" style=\"width: 60px;\" src=\"https:\/\/www.tctproduktion.se\/wp-content\/uploads\/2026\/06\/100_percentBIO.png\" alt=\"\"> <img loading=\"lazy\" decoding=\"async\" width=\"60\" height=\"65\" class=\"wp-image-2420\" style=\"width: 60px;\" src=\"https:\/\/www.tctproduktion.se\/wp-content\/uploads\/2024\/12\/PVC-free.png\" alt=\"\"> <\/p>\n\n\n\n<div class=\"wp-block-buttons is-layout-flex wp-block-buttons-is-layout-flex\">\n<div class=\"wp-block-button is-style-fill\"><a class=\"wp-block-button__link has-white-color has-text-color has-background has-link-color wp-element-button\" href=\"https:\/\/www.tctproduktion.se\/?page_id=2427\" style=\"border-radius:0px;background-color:#00805e\">Symbolf\u00f6rklaring <\/a><\/div>\n\n\n\n<div class=\"wp-block-button is-style-fill\"><a class=\"wp-block-button__link has-white-color has-text-color has-background has-link-color wp-element-button\" href=\"https:\/\/www.tctproduktion.se\/?page_id=3654\" style=\"border-radius:0px;background-color:#87c5b2\">Offert<\/a><\/div>\n<\/div>\n<\/div><\/div>\n\n\n\n<hr class=\"wp-block-separator aligncenter has-alpha-channel-opacity has-very-light-gray-to-cyan-bluish-gray-gradient-background has-background is-style-wide\"\/>\n\n\n\n<div class=\"wp-block-media-text is-vertically-aligned-top\" style=\"grid-template-columns:32% auto\"><figure class=\"wp-block-media-text__media\"><img loading=\"lazy\" decoding=\"async\" width=\"500\" height=\"500\" src=\"https:\/\/www.tctproduktion.se\/wp-content\/uploads\/2025\/01\/IMG_2666_500x500ox.jpg\" alt=\"\" class=\"wp-image-3013 size-full\" srcset=\"https:\/\/www.tctproduktion.se\/wp-content\/uploads\/2025\/01\/IMG_2666_500x500ox.jpg 500w, https:\/\/www.tctproduktion.se\/wp-content\/uploads\/2025\/01\/IMG_2666_500x500ox-300x300.jpg 300w, https:\/\/www.tctproduktion.se\/wp-content\/uploads\/2025\/01\/IMG_2666_500x500ox-150x150.jpg 150w\" sizes=\"auto, (max-width: 500px) 100vw, 500px\" \/><\/figure><div class=\"wp-block-media-text__content\">\n<p class=\"has-black-color has-light-gray-background-color has-text-color has-background has-link-color has-extra-small-font-size wp-elements-d7281fbb602b65c2e66414639d483ccd\"><strong>Asfaltsvinyl<\/strong><br><br>\u2013 Slitstark laminerad vinyl<br>\u2013 Godk\u00e4nt halklaminat<br>\u2013 Enkel montering<br>\u2013 Extremt t\u00e5lig<\/p>\n\n\n\n<p class=\"has-text-align-left has-light-gray-background-color has-background has-extra-small-font-size\"><img loading=\"lazy\" decoding=\"async\" width=\"60\" height=\"65\" class=\"wp-image-2629\" style=\"width: 60px;\" src=\"https:\/\/www.tctproduktion.se\/wp-content\/uploads\/2024\/12\/Printed_In_Sweden-1.png\" alt=\"\"><\/p>\n\n\n\n<div class=\"wp-block-buttons is-layout-flex wp-block-buttons-is-layout-flex\">\n<div class=\"wp-block-button is-style-fill\"><a class=\"wp-block-button__link has-white-color has-text-color has-background has-link-color wp-element-button\" href=\"https:\/\/www.tctproduktion.se\/?page_id=2427\" style=\"border-radius:0px;background-color:#00805e\">Symbolf\u00f6rklaring <\/a><\/div>\n\n\n\n<div class=\"wp-block-button is-style-fill\"><a class=\"wp-block-button__link has-white-color has-text-color has-background has-link-color wp-element-button\" href=\"https:\/\/www.tctproduktion.se\/?page_id=3654\" style=\"border-radius:0px;background-color:#87c5b2\">Offert<\/a><\/div>\n<\/div>\n<\/div><\/div>\n\n\n\n<hr class=\"wp-block-separator aligncenter has-alpha-channel-opacity has-very-light-gray-to-cyan-bluish-gray-gradient-background has-background is-style-wide\"\/>\n\n\n\n<div class=\"wp-block-media-text is-vertically-aligned-top\" style=\"grid-template-columns:32% auto\"><figure class=\"wp-block-media-text__media\"><img loading=\"lazy\" decoding=\"async\" width=\"500\" height=\"409\" src=\"https:\/\/www.tctproduktion.se\/wp-content\/uploads\/2025\/01\/IMG_6921_500px.jpg\" alt=\"\" class=\"wp-image-3030 size-full\" srcset=\"https:\/\/www.tctproduktion.se\/wp-content\/uploads\/2025\/01\/IMG_6921_500px.jpg 500w, https:\/\/www.tctproduktion.se\/wp-content\/uploads\/2025\/01\/IMG_6921_500px-300x245.jpg 300w\" sizes=\"auto, (max-width: 500px) 100vw, 500px\" \/><\/figure><div class=\"wp-block-media-text__content\">\n<p class=\"has-black-color has-light-gray-background-color has-text-color has-background has-link-color has-extra-small-font-size wp-elements-8d9bbfc94f62aff743fad57217e118d5\"><strong>Fordonsvinyl<\/strong><br><br>Vi tar fram h\u00f6gkvalitativ fordonsvinyl som<br>du enkelt monterar sj\u00e4lv. Vinylen har luftkanaler som g\u00f6r det l\u00e4ttare att f\u00e5 bort luftbubblor.<\/p>\n\n\n\n<p class=\"has-text-align-left has-light-gray-background-color has-background has-extra-small-font-size\"><img loading=\"lazy\" decoding=\"async\" width=\"60\" height=\"65\" class=\"wp-image-2629\" style=\"width: 60px;\" src=\"https:\/\/www.tctproduktion.se\/wp-content\/uploads\/2024\/12\/Printed_In_Sweden-1.png\" alt=\"\">       <\/p>\n\n\n\n<p class=\"has-text-color has-background has-link-color has-extra-small-font-size wp-elements-34d1b5667fde6c07b06264486bf92169\" style=\"color:#015600;background-color:#edffdf\"><em><strong>Milj\u00f6tips!<\/strong><\/em><br>V\u00e4lj v\u00e5r vinyl som \u00e4r producerad i biobaserad plast.<\/p>\n\n\n\n<div class=\"wp-block-buttons is-layout-flex wp-block-buttons-is-layout-flex\">\n<div class=\"wp-block-button is-style-fill\"><a class=\"wp-block-button__link has-white-color has-text-color has-background has-link-color wp-element-button\" href=\"https:\/\/www.tctproduktion.se\/?page_id=2427\" style=\"border-radius:0px;background-color:#00805e\">Symbolf\u00f6rklaring <\/a><\/div>\n\n\n\n<div class=\"wp-block-button is-style-fill\"><a class=\"wp-block-button__link has-white-color has-text-color has-background has-link-color wp-element-button\" href=\"https:\/\/www.tctproduktion.se\/?page_id=3654\" style=\"border-radius:0px;background-color:#87c5b2\">Offert<\/a><\/div>\n<\/div>\n<\/div><\/div>\n\n\n\n<hr class=\"wp-block-separator aligncenter has-alpha-channel-opacity has-very-light-gray-to-cyan-bluish-gray-gradient-background has-background is-style-wide\"\/>\n\n\n\n<div class=\"wp-block-media-text is-vertically-aligned-top\" style=\"grid-template-columns:32% auto\"><figure class=\"wp-block-media-text__media\"><img loading=\"lazy\" decoding=\"async\" width=\"1024\" height=\"648\" src=\"https:\/\/www.tctproduktion.se\/wp-content\/uploads\/2014\/12\/Egenproducerade_2-1024x648.jpg\" alt=\"\" class=\"wp-image-2136 size-full\" srcset=\"https:\/\/www.tctproduktion.se\/wp-content\/uploads\/2014\/12\/Egenproducerade_2-1024x648.jpg 1024w, https:\/\/www.tctproduktion.se\/wp-content\/uploads\/2014\/12\/Egenproducerade_2-300x190.jpg 300w, https:\/\/www.tctproduktion.se\/wp-content\/uploads\/2014\/12\/Egenproducerade_2-768x486.jpg 768w, https:\/\/www.tctproduktion.se\/wp-content\/uploads\/2014\/12\/Egenproducerade_2-1080x683.jpg 1080w\" sizes=\"auto, (max-width: 1024px) 100vw, 1024px\" \/><\/figure><div class=\"wp-block-media-text__content\">\n<p class=\"has-black-color has-light-gray-background-color has-text-color has-background has-link-color has-extra-small-font-size wp-elements-101eb6328f50c4600ddd36fff6d1de23\"><strong>Klisterm\u00e4rken \/ Etiketter<\/strong><br><br>Vi producerar alla typer av klisterm\u00e4rken f\u00f6r inom- och utomhusbruk.<br>Etiketter, genomskinliga, solida, laminerade, figurskurana, mm. <br><br>\u2013&nbsp;Enkelt s\u00e4tt att exponera varum\u00e4rken<br>\u2013 Enkel montering<br>&#8211; Finns i flera material f\u00f6r b\u00e5de inomhus och utomhus.<br>&#8211; Vi kan erbjuda material som \u00e4r PVC-fria eller i 100% papper. <br><br>R\u00e5dfr\u00e5ga g\u00e4rna oss s\u00e5 hj\u00e4lper vi till att hitta r\u00e4tt produkt.<\/p>\n\n\n\n<p class=\"has-text-align-left has-light-gray-background-color has-background has-extra-small-font-size\"><img loading=\"lazy\" decoding=\"async\" width=\"60\" height=\"65\" class=\"wp-image-2629\" style=\"width: 60px;\" src=\"https:\/\/www.tctproduktion.se\/wp-content\/uploads\/2024\/12\/Printed_In_Sweden-1.png\" alt=\"\"> <img loading=\"lazy\" decoding=\"async\" width=\"60\" height=\"65\" class=\"wp-image-2634\" style=\"width: 60px;\" src=\"https:\/\/www.tctproduktion.se\/wp-content\/uploads\/2024\/12\/B1_firerististant-1.png\" alt=\"\"> <img loading=\"lazy\" decoding=\"async\" width=\"60\" height=\"65\" class=\"wp-image-2420\" style=\"width: 60px;\" src=\"https:\/\/www.tctproduktion.se\/wp-content\/uploads\/2024\/12\/PVC-free.png\" alt=\"\"> <img loading=\"lazy\" decoding=\"async\" width=\"60\" height=\"65\" class=\"wp-image-2632\" style=\"width: 60px;\" src=\"https:\/\/www.tctproduktion.se\/wp-content\/uploads\/2024\/12\/svanen.png\" alt=\"\"> <img loading=\"lazy\" decoding=\"async\" width=\"60\" height=\"65\" class=\"wp-image-2627\" style=\"width: 60px;\" src=\"https:\/\/www.tctproduktion.se\/wp-content\/uploads\/2024\/12\/Reusable.png\" alt=\"\"> <img loading=\"lazy\" decoding=\"async\" width=\"60\" height=\"65\" class=\"wp-image-2618\" style=\"width: 60px;\" src=\"https:\/\/www.tctproduktion.se\/wp-content\/uploads\/2024\/12\/plastic-free.png\" alt=\"\"> <img loading=\"lazy\" decoding=\"async\" width=\"60\" height=\"65\" class=\"wp-image-2625\" style=\"width: 60px;\" src=\"https:\/\/www.tctproduktion.se\/wp-content\/uploads\/2024\/12\/Recycledmaterial.png\" alt=\"\"> <\/p>\n\n\n\n<p class=\"has-text-color has-background has-link-color has-extra-small-font-size wp-elements-636c468b6bab734f1cdaaf9ed6e32760\" style=\"color:#015600;background-color:#edffdf\"><em><strong>Milj\u00f6tips!<\/strong><\/em><br>V\u00e4lj v\u00e5r vinyl som \u00e4r producerad i bioplast.<\/p>\n\n\n\n<div class=\"wp-block-buttons is-layout-flex wp-block-buttons-is-layout-flex\">\n<div class=\"wp-block-button is-style-fill\"><a class=\"wp-block-button__link has-white-color has-text-color has-background has-link-color wp-element-button\" href=\"https:\/\/www.tctproduktion.se\/?page_id=2427\" style=\"border-radius:0px;background-color:#00805e\">Symbolf\u00f6rklaring <\/a><\/div>\n\n\n\n<div class=\"wp-block-button is-style-fill\"><a class=\"wp-block-button__link has-white-color has-text-color has-background has-link-color wp-element-button\" href=\"https:\/\/www.tctproduktion.se\/?page_id=3654\" style=\"border-radius:0px;background-color:#87c5b2\">Offert<\/a><\/div>\n<\/div>\n<\/div><\/div>\n\n\n\n<hr class=\"wp-block-separator aligncenter has-alpha-channel-opacity has-very-light-gray-to-cyan-bluish-gray-gradient-background has-background is-style-wide\"\/>\n\n\n\n<div class=\"wp-block-media-text is-vertically-aligned-top\" style=\"grid-template-columns:32% auto\"><figure class=\"wp-block-media-text__media\"><img loading=\"lazy\" decoding=\"async\" width=\"500\" height=\"667\" src=\"https:\/\/www.tctproduktion.se\/wp-content\/uploads\/2025\/01\/IMG_9800_500px.jpg\" alt=\"\" class=\"wp-image-3033 size-full\" srcset=\"https:\/\/www.tctproduktion.se\/wp-content\/uploads\/2025\/01\/IMG_9800_500px.jpg 500w, https:\/\/www.tctproduktion.se\/wp-content\/uploads\/2025\/01\/IMG_9800_500px-225x300.jpg 225w\" sizes=\"auto, (max-width: 500px) 100vw, 500px\" \/><\/figure><div class=\"wp-block-media-text__content\">\n<p class=\"has-black-color has-light-gray-background-color has-text-color has-background has-link-color has-extra-small-font-size wp-elements-b7be5277b0482cb66cf1137b87796119\"><strong><br>Trappvinyl<\/strong><br><br>\u2013 Snyggt s\u00e4tt att exponera era&nbsp;kunder<br>\u2013 Slitstark laminerad vinyl<br>\u2013 Enkel montering<br><br><strong>MILJ\u00d6<\/strong>: Finns som PVC-fri om du v\u00e4ljer RECOlotions vinyl<\/p>\n\n\n\n<p class=\"has-text-align-left has-light-gray-background-color has-background has-extra-small-font-size\"><img loading=\"lazy\" decoding=\"async\" width=\"60\" height=\"65\" class=\"wp-image-2629\" style=\"width: 60px;\" src=\"https:\/\/www.tctproduktion.se\/wp-content\/uploads\/2024\/12\/Printed_In_Sweden-1.png\" alt=\"\"> <img loading=\"lazy\" decoding=\"async\" width=\"60\" height=\"65\" class=\"wp-image-2634\" style=\"width: 60px;\" src=\"https:\/\/www.tctproduktion.se\/wp-content\/uploads\/2024\/12\/B1_firerististant-1.png\" alt=\"\"> <img loading=\"lazy\" decoding=\"async\" width=\"60\" height=\"65\" class=\"wp-image-2420\" style=\"width: 60px;\" src=\"https:\/\/www.tctproduktion.se\/wp-content\/uploads\/2024\/12\/PVC-free.png\" alt=\"\"> <\/p>\n\n\n\n<p class=\"has-text-color has-background has-link-color has-extra-small-font-size wp-elements-34d1b5667fde6c07b06264486bf92169\" style=\"color:#015600;background-color:#edffdf\"><em><strong>Milj\u00f6tips!<\/strong><\/em><br>V\u00e4lj v\u00e5r vinyl som \u00e4r producerad i biobaserad plast.<\/p>\n\n\n\n<div class=\"wp-block-buttons is-layout-flex wp-block-buttons-is-layout-flex\">\n<div class=\"wp-block-button is-style-fill\"><a class=\"wp-block-button__link has-white-color has-text-color has-background has-link-color wp-element-button\" href=\"https:\/\/www.tctproduktion.se\/?page_id=2427\" style=\"border-radius:0px;background-color:#00805e\">Symbolf\u00f6rklaring <\/a><\/div>\n\n\n\n<div class=\"wp-block-button is-style-fill\"><a class=\"wp-block-button__link has-white-color has-text-color has-background has-link-color wp-element-button\" href=\"https:\/\/www.tctproduktion.se\/?page_id=3654\" style=\"border-radius:0px;background-color:#87c5b2\">Offert<\/a><\/div>\n<\/div>\n<\/div><\/div>\n\n\n\n<hr class=\"wp-block-separator aligncenter has-alpha-channel-opacity has-very-light-gray-to-cyan-bluish-gray-gradient-background has-background is-style-wide\"\/>\n\n\n\n<div class=\"wp-block-media-text is-vertically-aligned-top\" style=\"grid-template-columns:32% auto\"><figure class=\"wp-block-media-text__media\"><img loading=\"lazy\" decoding=\"async\" width=\"500\" height=\"492\" src=\"https:\/\/www.tctproduktion.se\/wp-content\/uploads\/2025\/01\/IMG_3507-1.jpg\" alt=\"\" class=\"wp-image-3043 size-full\" srcset=\"https:\/\/www.tctproduktion.se\/wp-content\/uploads\/2025\/01\/IMG_3507-1.jpg 500w, https:\/\/www.tctproduktion.se\/wp-content\/uploads\/2025\/01\/IMG_3507-1-300x295.jpg 300w\" sizes=\"auto, (max-width: 500px) 100vw, 500px\" \/><\/figure><div class=\"wp-block-media-text__content\">\n<p class=\"has-black-color has-light-gray-background-color has-text-color has-background has-link-color has-extra-small-font-size wp-elements-c2fc1c3f1492dd9bde3796c298567634\"><strong><strong><strong>RECOlutions<\/strong><\/strong><\/strong> <strong>Klisterfri f\u00f6nstervinyl<\/strong><br>Denna produkt \u00e4r tillverkad utan PVC och helt utan addesiv. Det g\u00f6r att den f\u00e4ster trots att den inte har klister. Perfekt f\u00f6r tillf\u00e4llig exponering eller om man vill t\u00e4cka \u00f6ver en d\u00f6rr som redan \u00e4r folierad. Utan att skada folie under. Denna l\u00e4mnar till 100% inga klisterrester n\u00e4r man tar bort denna. <br><br>&#8211; Denna kan v\u00e4derskyddas med laminat av plast<br>&#8211; Perfekt f\u00e4rg\u00e5tergivning<br>&#8211; Perfekt till reklamkampanjer m.m. <br>&#8211; Kan \u00e5teranv\u00e4ndas vid flera tillf\u00e4llen.<\/p>\n\n\n\n<p class=\"has-text-align-left has-light-gray-background-color has-background has-extra-small-font-size\"><img loading=\"lazy\" decoding=\"async\" width=\"60\" height=\"65\" class=\"wp-image-2629\" style=\"width: 60px;\" src=\"https:\/\/www.tctproduktion.se\/wp-content\/uploads\/2024\/12\/Printed_In_Sweden-1.png\" alt=\"\">  <img loading=\"lazy\" decoding=\"async\" width=\"60\" height=\"65\" class=\"wp-image-2420\" style=\"width: 60px;\" src=\"https:\/\/www.tctproduktion.se\/wp-content\/uploads\/2024\/12\/PVC-free.png\" alt=\"\">  <img loading=\"lazy\" decoding=\"async\" width=\"60\" height=\"65\" class=\"wp-image-2627\" style=\"width: 60px;\" src=\"https:\/\/www.tctproduktion.se\/wp-content\/uploads\/2024\/12\/Reusable.png\" alt=\"\"><\/p>\n\n\n\n<div class=\"wp-block-buttons is-layout-flex wp-block-buttons-is-layout-flex\">\n<div class=\"wp-block-button is-style-fill\"><a class=\"wp-block-button__link has-white-color has-text-color has-background has-link-color wp-element-button\" href=\"https:\/\/www.tctproduktion.se\/?page_id=2427\" style=\"border-radius:0px;background-color:#00805e\">Symbolf\u00f6rklaring <\/a><\/div>\n\n\n\n<div class=\"wp-block-button is-style-fill\"><a class=\"wp-block-button__link has-white-color has-text-color has-background has-link-color wp-element-button\" href=\"https:\/\/www.tctproduktion.se\/?page_id=3654\" style=\"border-radius:0px;background-color:#87c5b2\">Offert<\/a><\/div>\n<\/div>\n<\/div><\/div>\n\n\n\n<hr class=\"wp-block-separator aligncenter has-alpha-channel-opacity has-very-light-gray-to-cyan-bluish-gray-gradient-background has-background is-style-wide\"\/>\n\n\n\n<div class=\"wp-block-media-text is-vertically-aligned-top\" style=\"grid-template-columns:32% auto\"><figure class=\"wp-block-media-text__media\"><img loading=\"lazy\" decoding=\"async\" width=\"500\" height=\"444\" src=\"https:\/\/www.tctproduktion.se\/wp-content\/uploads\/2025\/01\/IMG_8813_500px.jpg\" alt=\"\" class=\"wp-image-3034 size-full\" srcset=\"https:\/\/www.tctproduktion.se\/wp-content\/uploads\/2025\/01\/IMG_8813_500px.jpg 500w, https:\/\/www.tctproduktion.se\/wp-content\/uploads\/2025\/01\/IMG_8813_500px-300x266.jpg 300w\" sizes=\"auto, (max-width: 500px) 100vw, 500px\" \/><\/figure><div class=\"wp-block-media-text__content\">\n<p class=\"has-black-color has-light-gray-background-color has-text-color has-background has-link-color has-extra-small-font-size wp-elements-64d5753e4dd4aea27dec60649ff11106\"><strong><br>Reflexvinyl <\/strong><br>Detta \u00e4r en vinyl med reflekterande yta. Som kan printas med vilket motiv man vill. <br><br>\u2013 Snyggt s\u00e4tt att exponera era&nbsp;kunder<br>\u2013 Slitstark laminerad vinyl<br>\u2013 Enkel montering<\/p>\n\n\n\n<p class=\"has-text-align-left has-light-gray-background-color has-background has-extra-small-font-size\"><img loading=\"lazy\" decoding=\"async\" width=\"60\" height=\"65\" class=\"wp-image-2629\" style=\"width: 60px;\" src=\"https:\/\/www.tctproduktion.se\/wp-content\/uploads\/2024\/12\/Printed_In_Sweden-1.png\" alt=\"\"> <\/p>\n\n\n\n<div class=\"wp-block-buttons is-layout-flex wp-block-buttons-is-layout-flex\">\n<div class=\"wp-block-button is-style-fill\"><a class=\"wp-block-button__link has-white-color has-text-color has-background has-link-color wp-element-button\" href=\"https:\/\/www.tctproduktion.se\/?page_id=2427\" style=\"border-radius:0px;background-color:#00805e\">Symbolf\u00f6rklaring <\/a><\/div>\n\n\n\n<div class=\"wp-block-button is-style-fill\"><a class=\"wp-block-button__link has-white-color has-text-color has-background has-link-color wp-element-button\" href=\"https:\/\/www.tctproduktion.se\/?page_id=3654\" style=\"border-radius:0px;background-color:#87c5b2\">Offert<\/a><\/div>\n<\/div>\n<\/div><\/div>\n\n\n\n<p><\/p>\n","protected":false},"excerpt":{"rendered":"","protected":false},"author":1,"featured_media":0,"parent":0,"menu_order":0,"comment_status":"closed","ping_status":"closed","template":"templates\/full-width-page.php","meta":{"footnotes":""},"class_list":["post-2570","page","type-page","status-publish","hentry"],"_links":{"self":[{"href":"https:\/\/www.tctproduktion.se\/index.php?rest_route=\/wp\/v2\/pages\/2570","targetHints":{"allow":["GET"]}}],"collection":[{"href":"https:\/\/www.tctproduktion.se\/index.php?rest_route=\/wp\/v2\/pages"}],"about":[{"href":"https:\/\/www.tctproduktion.se\/index.php?rest_route=\/wp\/v2\/types\/page"}],"author":[{"embeddable":true,"href":"https:\/\/www.tctproduktion.se\/index.php?rest_route=\/wp\/v2\/users\/1"}],"replies":[{"embeddable":true,"href":"https:\/\/www.tctproduktion.se\/index.php?rest_route=%2Fwp%2Fv2%2Fcomments&post=2570"}],"version-history":[{"count":32,"href":"https:\/\/www.tctproduktion.se\/index.php?rest_route=\/wp\/v2\/pages\/2570\/revisions"}],"predecessor-version":[{"id":4090,"href":"https:\/\/www.tctproduktion.se\/index.php?rest_route=\/wp\/v2\/pages\/2570\/revisions\/4090"}],"wp:attachment":[{"href":"https:\/\/www.tctproduktion.se\/index.php?rest_route=%2Fwp%2Fv2%2Fmedia&parent=2570"}],"curies":[{"name":"wp","href":"https:\/\/api.w.org\/{rel}","templated":true}]}}